{"id":3126,"date":"2022-05-02T14:36:05","date_gmt":"2022-05-02T12:36:05","guid":{"rendered":"https:\/\/adenot-andrieux.fr\/legal-information\/"},"modified":"2024-09-12T17:01:41","modified_gmt":"2024-09-12T15:01:41","slug":"legal-information","status":"publish","type":"page","link":"https:\/\/adenot-andrieux.fr\/en\/legal-information\/","title":{"rendered":"Legal information"},"content":{"rendered":"\t\t<div data-elementor-type=\"wp-page\" data-elementor-id=\"3126\" class=\"elementor elementor-3126\" data-elementor-post-type=\"page\">\n\t\t\t\t\t\t<section class=\"elementor-section elementor-top-section elementor-element elementor-element-b5ac57e elementor-section-boxed elementor-section-height-default elementor-section-height-default\" data-id=\"b5ac57e\" data-element_type=\"section\" data-e-type=\"section\">\n\t\t\t\t\t\t<div class=\"elementor-container elementor-column-gap-default\">\n\t\t\t\t\t<div class=\"elementor-column elementor-col-100 elementor-top-column elementor-element elementor-element-981a155\" data-id=\"981a155\" data-element_type=\"column\" data-e-type=\"column\">\n\t\t\t<div class=\"elementor-widget-wrap elementor-element-populated\">\n\t\t\t\t\t\t<div class=\"elementor-element elementor-element-1ab73e6 elementor-widget elementor-widget-heading\" data-id=\"1ab73e6\" data-element_type=\"widget\" data-e-type=\"widget\" data-widget_type=\"heading.default\">\n\t\t\t\t<div class=\"elementor-widget-container\">\n\t\t\t\t\t<h2 class=\"elementor-heading-title elementor-size-default\">\u00c9dition et coordonn\u00e9es<\/h2>\t\t\t\t<\/div>\n\t\t\t\t<\/div>\n\t\t\t\t\t<\/div>\n\t\t<\/div>\n\t\t\t\t\t<\/div>\n\t\t<\/section>\n\t\t\t\t<section class=\"elementor-section elementor-top-section elementor-element elementor-element-558138d elementor-section-boxed elementor-section-height-default elementor-section-height-default\" data-id=\"558138d\" data-element_type=\"section\" data-e-type=\"section\">\n\t\t\t\t\t\t<div class=\"elementor-container elementor-column-gap-default\">\n\t\t\t\t\t<div class=\"elementor-column elementor-col-100 elementor-top-column elementor-element elementor-element-30aff88\" data-id=\"30aff88\" data-element_type=\"column\" data-e-type=\"column\">\n\t\t\t<div class=\"elementor-widget-wrap elementor-element-populated\">\n\t\t\t\t\t\t<div class=\"elementor-element elementor-element-d2711f6 elementor-widget elementor-widget-text-editor\" data-id=\"d2711f6\" data-element_type=\"widget\" data-e-type=\"widget\" data-widget_type=\"text-editor.default\">\n\t\t\t\t<div class=\"elementor-widget-container\">\n\t\t\t\t\t\t\t\t\t<div class=\"elementor-element elementor-element-1d35bfe elementor-widget elementor-widget-text-editor animated fadeIn\" data-id=\"1d35bfe\" data-element_type=\"widget\" data-settings=\"{\" data-widget_type=\"text-editor.default\"><div class=\"elementor-widget-container\"><div class=\"elementor-text-editor elementor-clearfix\"><div><div><div class=\"elementor-element elementor-element-1d35bfe elementor-widget elementor-widget-text-editor animated fadeIn\" data-id=\"1d35bfe\" data-element_type=\"widget\" data-settings=\"{&quot;_animation_delay&quot;:900}\" data-widget_type=\"text-editor.default\"><div class=\"elementor-widget-container\"><div class=\"elementor-text-editor elementor-clearfix\"><div><div><p>This website, accessible from the URL www.adenot-andrieux.fr (hereafter the \u201cWebsite\u201d) is published by the law firm Adenot and Andrieux, operating in Clermont-Ferrand in the form of a simplified share company with a capital of 1000 euros, whose head office is located :<\/p><\/div><\/div><\/div><\/div><\/div><div class=\"elementor-element elementor-element-82c44a8 elementor-widget elementor-widget-text-editor animated fadeIn\" data-id=\"82c44a8\" data-element_type=\"widget\" data-settings=\"{&quot;_animation_delay&quot;:1100}\" data-widget_type=\"text-editor.default\"><div class=\"elementor-widget-container\"><div class=\"elementor-text-editor elementor-clearfix\"><div><p>33 Cours Sablon, 63000 Clermont-Ferrand, France,<br \/>registered at the RCS in Clermont-Ferrand, SIRET: 889 548 202 000 15.<br \/>Phone: (+33) 4 44 44 96 60<br \/>Email:\u00a0contact@adenot-andrieux.fr<\/p><\/div><\/div><\/div><\/div><div class=\"elementor-element elementor-element-21fff3e elementor-widget elementor-widget-text-editor animated fadeIn\" data-id=\"21fff3e\" data-element_type=\"widget\" data-settings=\"{&quot;_animation_delay&quot;:1300}\" data-widget_type=\"text-editor.default\"><div class=\"elementor-widget-container\"><div class=\"elementor-text-editor elementor-clearfix\"><div><p>(hereafter the \u201cCabinet\u201d).<\/p><\/div><\/div><\/div><\/div><div class=\"elementor-element elementor-element-e21ed6a elementor-widget elementor-widget-text-editor animated fadeIn\" data-id=\"e21ed6a\" data-element_type=\"widget\" data-settings=\"{&quot;_animation_delay&quot;:1500}\" data-widget_type=\"text-editor.default\"><div class=\"elementor-widget-container\"><div class=\"elementor-text-editor elementor-clearfix\"><div><p>The Director of the Website\u2019s publication is Dominique Adenot, a lawyer at the Clermont-Ferrand Bar.<\/p><\/div><\/div><\/div><\/div><div class=\"elementor-element elementor-element-b96b93c elementor-widget elementor-widget-text-editor animated fadeIn\" data-id=\"b96b93c\" data-element_type=\"widget\" data-settings=\"{&quot;_animation_delay&quot;:1700}\" data-widget_type=\"text-editor.default\"><div class=\"elementor-widget-container\"><div class=\"elementor-text-editor elementor-clearfix\"><div><p>The Editor-in-Chief is Dominique Andrieux, a lawyer at the Clermont-Ferrand Bar.<\/p><\/div><\/div><\/div><\/div><div class=\"elementor-element elementor-element-2903adb elementor-widget elementor-widget-text-editor animated fadeIn\" data-id=\"2903adb\" data-element_type=\"widget\" data-settings=\"{&quot;_animation_delay&quot;:1900}\" data-widget_type=\"text-editor.default\"><div class=\"elementor-widget-container\"><div class=\"elementor-text-editor elementor-clearfix\"><div><p>The website was created by Cycoma and Etienne Adenot.<\/p><\/div><\/div><\/div><\/div><div class=\"elementor-element elementor-element-27d0d84 elementor-widget elementor-widget-text-editor animated fadeIn\" data-id=\"27d0d84\" data-element_type=\"widget\" data-settings=\"{&quot;_animation_delay&quot;:2100}\" data-widget_type=\"text-editor.default\"><div class=\"elementor-widget-container\"><div class=\"elementor-text-editor elementor-clearfix\"><div><p>The hosting provider of the Website is OVH whose head office is located 2 rue Kellermann, 59100 Roubaix.<\/p><\/div><\/div><\/div><\/div><p>Le pr\u00e9sent site web, accessible \u00e0 partir de l\u2019adresse URL <a href=\"http:\/\/www.adenot-andrieux.fr\">www.adenot-andrieux.fr<\/a> (ci-apr\u00e8s le \u00ab Site Web \u00bb) est \u00e9dit\u00e9 par le cabinet d\u2019avocats Adenot et Andrieux, exer\u00e7ant \u00e0 Clermont-Ferrand sous la forme d\u2019une soci\u00e9t\u00e9 par actions simplifi\u00e9e au Capital de 1000 euros, dont le si\u00e8ge social est situ\u00e9 :\u00a0<\/p><\/div><\/div><\/div><\/div><\/div><div class=\"elementor-element elementor-element-82c44a8 elementor-widget elementor-widget-text-editor animated fadeIn\" data-id=\"82c44a8\" data-element_type=\"widget\" data-settings=\"{\" data-widget_type=\"text-editor.default\"><div class=\"elementor-widget-container\"><div class=\"elementor-text-editor elementor-clearfix\"><div><p>33 Cours Sablon, 63000 Clermont-Ferrand, France,<br \/>immatricul\u00e9e au RCS de Clermont-Ferrand, n\u00b0 SIRET : 889 548 202 000 15.<br \/>T\u00e9l\u00e9phone : 04 44 44 96 60<br \/>Mail : contact@adenot-andrieux.fr<\/p><\/div><\/div><\/div><\/div><div class=\"elementor-element elementor-element-21fff3e elementor-widget elementor-widget-text-editor animated fadeIn\" data-id=\"21fff3e\" data-element_type=\"widget\" data-settings=\"{\" data-widget_type=\"text-editor.default\"><div class=\"elementor-widget-container\"><div class=\"elementor-text-editor elementor-clearfix\"><div><p>(ci-apr\u00e8s le \u00ab\u00a0Cabinet\u00a0\u00bb).<\/p><\/div><\/div><\/div><\/div><div class=\"elementor-element elementor-element-e21ed6a elementor-widget elementor-widget-text-editor animated fadeIn\" data-id=\"e21ed6a\" data-element_type=\"widget\" data-settings=\"{\" data-widget_type=\"text-editor.default\"><div class=\"elementor-widget-container\"><div class=\"elementor-text-editor elementor-clearfix\"><div><p>Le Directeur de la publication du Site Web est Dominique Adenot, avocat au Barreau de Clermont-Ferrand.<\/p><\/div><\/div><\/div><\/div><div class=\"elementor-element elementor-element-b96b93c elementor-widget elementor-widget-text-editor animated fadeIn\" data-id=\"b96b93c\" data-element_type=\"widget\" data-settings=\"{\" data-widget_type=\"text-editor.default\"><div class=\"elementor-widget-container\"><div class=\"elementor-text-editor elementor-clearfix\"><div><p>Le R\u00e9dacteur en chef est Dominique Andrieux, avocat au Barreau de Clermont-Ferrand.<\/p><\/div><\/div><\/div><\/div><div class=\"elementor-element elementor-element-2903adb elementor-widget elementor-widget-text-editor animated fadeIn\" data-id=\"2903adb\" data-element_type=\"widget\" data-settings=\"{\" data-widget_type=\"text-editor.default\"><div class=\"elementor-widget-container\"><div class=\"elementor-text-editor elementor-clearfix\"><div><p>Le Site Web a \u00e9t\u00e9 r\u00e9alis\u00e9 par l&#8217;agence de communication Cycoma.<\/p><\/div><\/div><\/div><\/div><div class=\"elementor-element elementor-element-27d0d84 elementor-widget elementor-widget-text-editor animated fadeIn\" data-id=\"27d0d84\" data-element_type=\"widget\" data-settings=\"{\" data-widget_type=\"text-editor.default\"><div class=\"elementor-widget-container\"><div class=\"elementor-text-editor elementor-clearfix\"><div><p>Le prestataire d\u2019h\u00e9bergement du Site Web est OVH, dont le si\u00e8ge social est situ\u00e9 2 rue Kellermann, 59100 Roubaix.<\/p><\/div><\/div><\/div><\/div>\t\t\t\t\t\t\t\t<\/div>\n\t\t\t\t<\/div>\n\t\t\t\t<div class=\"elementor-element elementor-element-13478eb elementor-widget elementor-widget-heading\" data-id=\"13478eb\" data-element_type=\"widget\" data-e-type=\"widget\" data-widget_type=\"heading.default\">\n\t\t\t\t<div class=\"elementor-widget-container\">\n\t\t\t\t\t<h2 class=\"elementor-heading-title elementor-size-default\">Conditions d\u2019utilisation du site web<\/h2>\t\t\t\t<\/div>\n\t\t\t\t<\/div>\n\t\t\t\t<div class=\"elementor-element elementor-element-1169d94 elementor-widget elementor-widget-text-editor\" data-id=\"1169d94\" data-element_type=\"widget\" data-e-type=\"widget\" data-widget_type=\"text-editor.default\">\n\t\t\t\t<div class=\"elementor-widget-container\">\n\t\t\t\t\t\t\t\t\t<div class=\"elementor-element elementor-element-bdfc05c elementor-widget elementor-widget-text-editor animated fadeIn\" data-id=\"bdfc05c\" data-element_type=\"widget\" data-settings=\"{\" data-widget_type=\"text-editor.default\"><div class=\"elementor-widget-container\"><div class=\"elementor-text-editor elementor-clearfix\"><div><div><div><p>En acc\u00e9dant au Site Web, en l\u2019utilisant et\/ou en envoyant un courrier \u00e9lectronique au Cabinet ou \u00e0 l\u2019un de ses membres, au moyen d\u2019un lien de type \u00ab\u00a0mailto\u00a0\u00bb se trouvant sur le Site Web, tout utilisateur (ci-apr\u00e8s l\u2019\u00ab Utilisateur \u00bb) d\u00e9clare et garantit qu\u2019il a pris pr\u00e9alablement connaissance des pr\u00e9sentes conditions juridiques et qu\u2019il les accepte tacitement et sans r\u00e9serve.<\/p><\/div><\/div><\/div><\/div><\/div><\/div><div class=\"elementor-element elementor-element-8f2ba13 elementor-widget elementor-widget-text-editor animated fadeIn\" data-id=\"8f2ba13\" data-element_type=\"widget\" data-settings=\"{\" data-widget_type=\"text-editor.default\"><div class=\"elementor-widget-container\"><div class=\"elementor-text-editor elementor-clearfix\"><div><p>Le Site Web et les donn\u00e9es, informations, documents et publications accessibles, repr\u00e9sent\u00e9s ou t\u00e9l\u00e9chargeables \u00e0 partir du Site Web, n\u2019ont qu\u2019une vocation d\u2019information g\u00e9n\u00e9rale non exhaustive sur le Cabinet et ne peuvent en aucun cas \u00eatre consid\u00e9r\u00e9s comme constituant un acte de conseil juridique, un d\u00e9marchage, une sollicitation et\/ou une offre de services.<\/p><\/div><\/div><\/div><\/div><div class=\"elementor-element elementor-element-cdfc571 elementor-widget elementor-widget-text-editor animated fadeIn\" data-id=\"cdfc571\" data-element_type=\"widget\" data-settings=\"{\" data-widget_type=\"text-editor.default\"><div class=\"elementor-widget-container\"><div class=\"elementor-text-editor elementor-clearfix\"><div><p>Les donn\u00e9es \u00e0 caract\u00e8re personnel relatives aux membres du Cabinet qui sont rendues accessibles sur le Site Web ne peuvent \u00eatre collect\u00e9es et faire l\u2019objet d\u2019un traitement sans l\u2019accord pr\u00e9alable et \u00e9crit de la personne concern\u00e9e. En particulier, chaque Utilisateur s\u2019interdit de collecter et d\u2019utiliser, de mani\u00e8re manuelle ou automatis\u00e9e, ces donn\u00e9es \u00e0 caract\u00e8re personnel pour envoyer des messages publicitaires ou de quelque autre nature qui n\u2019auraient pas de relation avec les activit\u00e9s du Cabinet et de ses membres.<\/p><\/div><\/div><\/div><\/div><div class=\"elementor-element elementor-element-0da35d4 elementor-widget elementor-widget-text-editor animated fadeIn\" data-id=\"0da35d4\" data-element_type=\"widget\" data-settings=\"{\" data-widget_type=\"text-editor.default\"><div class=\"elementor-widget-container\"><div class=\"elementor-text-editor elementor-clearfix\"><div><p>Le Site Web et chacun des \u00e9l\u00e9ments qui le compose, et notamment les textes, articles, lettres d\u2019information, brochures, plans, images, illustrations, photographies, bases de donn\u00e9es, logiciels, animations, etc. sont prot\u00e9g\u00e9s par le droit de la propri\u00e9t\u00e9 intellectuelle. Le Cabinet d\u00e9tient le droit d\u2019utilisation de toutes les photographies reproduites sur le Site Web.<\/p><\/div><\/div><\/div><\/div><div class=\"elementor-element elementor-element-8731e20 elementor-widget elementor-widget-text-editor animated fadeIn\" data-id=\"8731e20\" data-element_type=\"widget\" data-settings=\"{\" data-widget_type=\"text-editor.default\"><div class=\"elementor-widget-container\"><div class=\"elementor-text-editor elementor-clearfix\"><div><p>La reproduction totale ou partielle des \u00e9l\u00e9ments de propri\u00e9t\u00e9 intellectuelle est interdite.<\/p><\/div><\/div><\/div><\/div><div class=\"elementor-element elementor-element-8ee7433 elementor-widget elementor-widget-text-editor animated fadeIn\" data-id=\"8ee7433\" data-element_type=\"widget\" data-settings=\"{\" data-widget_type=\"text-editor.default\"><div class=\"elementor-widget-container\"><div class=\"elementor-text-editor elementor-clearfix\"><div><p>L\u2019Utilisateur n\u2019est autoris\u00e9 qu\u2019\u00e0 repr\u00e9senter les pages du Site Web sur son \u00e9cran et n\u2019est autoris\u00e9 \u00e0 reproduire les \u00e9l\u00e9ments de propri\u00e9t\u00e9 intellectuelle du Site Web qu\u2019\u00e0 titre temporaire aux seules fins de consultation du Site Web.<\/p><\/div><\/div><\/div><\/div><div class=\"elementor-element elementor-element-d03dceb elementor-widget elementor-widget-text-editor animated fadeIn\" data-id=\"d03dceb\" data-element_type=\"widget\" data-settings=\"{\" data-widget_type=\"text-editor.default\"><div class=\"elementor-widget-container\"><div class=\"elementor-text-editor elementor-clearfix\"><div><p>Le Site Web est en effet r\u00e9serv\u00e9 \u00e0 l\u2019usage priv\u00e9 de chaque Utilisateur. Chaque Utilisateur est le seul responsable de l\u2019usage qu\u2019il fait des informations fournies \u00e0 partir du Site Web et le Cabinet ne pourra en aucun cas \u00eatre tenu responsable de tous dommages directs ou indirects d\u00e9coulant de l\u2019utilisation de ces informations par l\u2019Utilisateur. Le Cabinet ne saurait en effet garantir l\u2019exactitude, l\u2019exhaustivit\u00e9 ou l\u2019actualit\u00e9 des informations diffus\u00e9es sur le Site Web. Par ailleurs, le Cabinet ne garantit pas que le Site Web sera accessible de mani\u00e8re continue.<\/p><\/div><\/div><\/div><\/div><div class=\"elementor-element elementor-element-19a5e63 elementor-widget elementor-widget-text-editor animated fadeIn\" data-id=\"19a5e63\" data-element_type=\"widget\" data-settings=\"{\" data-widget_type=\"text-editor.default\"><div class=\"elementor-widget-container\"><div class=\"elementor-text-editor elementor-clearfix\"><div><p>La cr\u00e9ation et la publication d\u2019un lien hypertexte vers le Site Web, l\u2019une des pages du Site Web ou des documents t\u00e9l\u00e9chargeables \u00e0 partir du Site Web ne sont possibles que sous r\u00e9serve de l\u2019accord pr\u00e9alable et expr\u00e8s du Cabinet.<\/p><\/div><\/div><\/div><\/div>\t\t\t\t\t\t\t\t<\/div>\n\t\t\t\t<\/div>\n\t\t\t\t<div class=\"elementor-element elementor-element-e998db7 elementor-widget elementor-widget-heading\" data-id=\"e998db7\" data-element_type=\"widget\" data-e-type=\"widget\" data-widget_type=\"heading.default\">\n\t\t\t\t<div class=\"elementor-widget-container\">\n\t\t\t\t\t<h2 class=\"elementor-heading-title elementor-size-default\">Cr\u00e9dits photographiques<\/h2>\t\t\t\t<\/div>\n\t\t\t\t<\/div>\n\t\t\t\t<div class=\"elementor-element elementor-element-7ad4cd3 elementor-widget elementor-widget-text-editor\" data-id=\"7ad4cd3\" data-element_type=\"widget\" data-e-type=\"widget\" data-widget_type=\"text-editor.default\">\n\t\t\t\t<div class=\"elementor-widget-container\">\n\t\t\t\t\t\t\t\t\t<p>\u00a9 thomathzac23 \u2013 La Cath\u00e9drale N\u00f4tre-Dame de l\u2019Assomption de Clermont fait face au Puy-de-D\u00f4me<\/p>\t\t\t\t\t\t\t\t<\/div>\n\t\t\t\t<\/div>\n\t\t\t\t<div class=\"elementor-element elementor-element-f0faa12 elementor-widget elementor-widget-heading\" data-id=\"f0faa12\" data-element_type=\"widget\" data-e-type=\"widget\" data-widget_type=\"heading.default\">\n\t\t\t\t<div class=\"elementor-widget-container\">\n\t\t\t\t\t<h2 class=\"elementor-heading-title elementor-size-default\">Droit de rectification<\/h2>\t\t\t\t<\/div>\n\t\t\t\t<\/div>\n\t\t\t\t<div class=\"elementor-element elementor-element-a04d70f elementor-widget elementor-widget-text-editor\" data-id=\"a04d70f\" data-element_type=\"widget\" data-e-type=\"widget\" data-widget_type=\"text-editor.default\">\n\t\t\t\t<div class=\"elementor-widget-container\">\n\t\t\t\t\t\t\t\t\t<div class=\"elementor-element elementor-element-10148c3 elementor-widget elementor-widget-text-editor animated fadeIn\" data-id=\"10148c3\" data-element_type=\"widget\" data-settings=\"{&quot;_animation&quot;:&quot;fadeIn&quot;,&quot;_animation_delay&quot;:900}\" data-widget_type=\"text-editor.default\"><div class=\"elementor-widget-container\"><div class=\"elementor-text-editor elementor-clearfix\"><div><p>Le client est inform\u00e9 que, dans le cadre de la gestion des op\u00e9rations relatives \u00e0 la relation contractuelle avec ses clients, des donn\u00e9es \u00e0 caract\u00e8re personnel sont trait\u00e9es par le cabinet en tant que responsable de traitement. En conformit\u00e9 avec la Loi fran\u00e7aise Informatique et Libert\u00e9 ainsi qu\u2019avec les r\u00e8gles applicables depuis le 25 mai 2018 en application du R\u00e8glement G\u00e9n\u00e9ral europ\u00e9en sur la Protection des Donn\u00e9es, les donn\u00e9es concern\u00e9es sont conserv\u00e9es par le Cabinet pendant toute la dur\u00e9e de la relation contractuelle augment\u00e9e des dur\u00e9es l\u00e9gales de prescription.<\/p><\/div><\/div><\/div><\/div><div class=\"elementor-element elementor-element-e54cd47 elementor-widget elementor-widget-text-editor animated fadeIn\" data-id=\"e54cd47\" data-element_type=\"widget\" data-settings=\"{&quot;_animation&quot;:&quot;fadeIn&quot;,&quot;_animation_delay&quot;:1100}\" data-widget_type=\"text-editor.default\"><div class=\"elementor-widget-container\"><div class=\"elementor-text-editor elementor-clearfix\"><p>Le client b\u00e9n\u00e9ficie, dans les conditions pr\u00e9vues par la loi, d\u2019un droit d\u2019interrogation, d\u2019acc\u00e8s , de rectification, d\u2019un droit \u00e0 la portabilit\u00e9, \u00e0 la limitation du traitement et d\u2019opposition pour raisons l\u00e9gitimes, ainsi que du droit de d\u00e9finir des directives relatives au sort de ses donn\u00e9es apr\u00e8s sa mort. Il peut exercer les droits dont il dispose en s\u2019adressant au cabinet \u00e0 l\u2019adresse mail suivante : contact@adenot-andrieux.fr.<\/p><\/div><\/div><\/div><div class=\"elementor-element elementor-element-6c4161a elementor-widget elementor-widget-text-editor animated fadeIn\" data-id=\"6c4161a\" data-element_type=\"widget\" data-settings=\"{&quot;_animation&quot;:&quot;fadeIn&quot;,&quot;_animation_delay&quot;:1300}\" data-widget_type=\"text-editor.default\"><div class=\"elementor-widget-container\"><div class=\"elementor-text-editor elementor-clearfix\"><p>Le client peut, en cas de contestation, former une r\u00e9clamation aupr\u00e8s de la CNIL dont les coordonn\u00e9es figurent \u00e0 l\u2019adresse suivante : https:\/\/www.cnil.fr<\/p><\/div><\/div><\/div>\t\t\t\t\t\t\t\t<\/div>\n\t\t\t\t<\/div>\n\t\t\t\t\t<\/div>\n\t\t<\/div>\n\t\t\t\t\t<\/div>\n\t\t<\/section>\n\t\t\t\t<section class=\"elementor-section elementor-top-section elementor-element elementor-element-564007ba elementor-section-boxed elementor-section-height-default elementor-section-height-default\" data-id=\"564007ba\" data-element_type=\"section\" data-e-type=\"section\" data-settings=\"{&quot;background_background&quot;:&quot;classic&quot;}\">\n\t\t\t\t\t\t<div class=\"elementor-container elementor-column-gap-no\">\n\t\t\t\t\t<div class=\"elementor-column elementor-col-100 elementor-top-column elementor-element elementor-element-756a7502\" data-id=\"756a7502\" data-element_type=\"column\" data-e-type=\"column\">\n\t\t\t<div class=\"elementor-widget-wrap elementor-element-populated\">\n\t\t\t\t\t\t<section class=\"elementor-section elementor-inner-section elementor-element elementor-element-5b45e0bb elementor-section-boxed elementor-section-height-default elementor-section-height-default\" data-id=\"5b45e0bb\" data-element_type=\"section\" data-e-type=\"section\">\n\t\t\t\t\t\t<div class=\"elementor-container elementor-column-gap-default\">\n\t\t\t\t\t<div class=\"elementor-column elementor-col-50 elementor-inner-column elementor-element elementor-element-5d49c61f\" data-id=\"5d49c61f\" data-element_type=\"column\" data-e-type=\"column\">\n\t\t\t<div class=\"elementor-widget-wrap elementor-element-populated\">\n\t\t\t\t\t\t<div class=\"elementor-element elementor-element-71493246 elementor-widget elementor-widget-heading\" data-id=\"71493246\" data-element_type=\"widget\" data-e-type=\"widget\" data-widget_type=\"heading.default\">\n\t\t\t\t<div class=\"elementor-widget-container\">\n\t\t\t\t\t<h2 class=\"elementor-heading-title elementor-size-default\">Sitemap<\/h2>\t\t\t\t<\/div>\n\t\t\t\t<\/div>\n\t\t\t\t<div class=\"elementor-element elementor-element-59a48401 elementor-nav-menu__text-align-center elementor-nav-menu--dropdown-tablet elementor-nav-menu--toggle elementor-nav-menu--burger elementor-widget elementor-widget-nav-menu\" data-id=\"59a48401\" data-element_type=\"widget\" data-e-type=\"widget\" data-settings=\"{&quot;layout&quot;:&quot;vertical&quot;,&quot;submenu_icon&quot;:{&quot;value&quot;:&quot;&lt;i class=\\&quot;fas fa-caret-down\\&quot; aria-hidden=\\&quot;true\\&quot;&gt;&lt;\\\/i&gt;&quot;,&quot;library&quot;:&quot;fa-solid&quot;},&quot;toggle&quot;:&quot;burger&quot;}\" data-widget_type=\"nav-menu.default\">\n\t\t\t\t<div class=\"elementor-widget-container\">\n\t\t\t\t\t\t\t\t<nav aria-label=\"Menu\" class=\"elementor-nav-menu--main elementor-nav-menu__container elementor-nav-menu--layout-vertical e--pointer-underline e--animation-fade\">\n\t\t\t\t<ul id=\"menu-1-59a48401\" class=\"elementor-nav-menu sm-vertical\"><li class=\"menu-item menu-item-type-post_type menu-item-object-page menu-item-home menu-item-3249\"><a href=\"https:\/\/adenot-andrieux.fr\/en\/\" class=\"elementor-item\">Home<\/a><\/li>\n<li class=\"menu-item menu-item-type-post_type menu-item-object-page menu-item-3254\"><a href=\"https:\/\/adenot-andrieux.fr\/en\/the-team\/\" class=\"elementor-item\">The team<\/a><\/li>\n<li class=\"menu-item menu-item-type-post_type menu-item-object-page menu-item-3251\"><a href=\"https:\/\/adenot-andrieux.fr\/en\/our-skills\/\" class=\"elementor-item\">Our skills<\/a><\/li>\n<li class=\"menu-item menu-item-type-post_type menu-item-object-page menu-item-3252\"><a href=\"https:\/\/adenot-andrieux.fr\/en\/partners\/\" class=\"elementor-item\">Partners<\/a><\/li>\n<li class=\"menu-item menu-item-type-post_type menu-item-object-page menu-item-3253\"><a href=\"https:\/\/adenot-andrieux.fr\/en\/press\/\" class=\"elementor-item\">Press<\/a><\/li>\n<li class=\"menu-item menu-item-type-post_type menu-item-object-page menu-item-3250\"><a href=\"https:\/\/adenot-andrieux.fr\/en\/contact\/\" class=\"elementor-item\">Contact<\/a><\/li>\n<\/ul>\t\t\t<\/nav>\n\t\t\t\t\t<div class=\"elementor-menu-toggle\" role=\"button\" tabindex=\"0\" aria-label=\"Menu Toggle\" aria-expanded=\"false\">\n\t\t\t<i aria-hidden=\"true\" role=\"presentation\" class=\"elementor-menu-toggle__icon--open eicon-menu-bar\"><\/i><i aria-hidden=\"true\" role=\"presentation\" class=\"elementor-menu-toggle__icon--close eicon-close\"><\/i>\t\t<\/div>\n\t\t\t\t\t<nav class=\"elementor-nav-menu--dropdown elementor-nav-menu__container\" aria-hidden=\"true\">\n\t\t\t\t<ul id=\"menu-2-59a48401\" class=\"elementor-nav-menu sm-vertical\"><li class=\"menu-item menu-item-type-post_type menu-item-object-page menu-item-home menu-item-3249\"><a href=\"https:\/\/adenot-andrieux.fr\/en\/\" class=\"elementor-item\" tabindex=\"-1\">Home<\/a><\/li>\n<li class=\"menu-item menu-item-type-post_type menu-item-object-page menu-item-3254\"><a href=\"https:\/\/adenot-andrieux.fr\/en\/the-team\/\" class=\"elementor-item\" tabindex=\"-1\">The team<\/a><\/li>\n<li class=\"menu-item menu-item-type-post_type menu-item-object-page menu-item-3251\"><a href=\"https:\/\/adenot-andrieux.fr\/en\/our-skills\/\" class=\"elementor-item\" tabindex=\"-1\">Our skills<\/a><\/li>\n<li class=\"menu-item menu-item-type-post_type menu-item-object-page menu-item-3252\"><a href=\"https:\/\/adenot-andrieux.fr\/en\/partners\/\" class=\"elementor-item\" tabindex=\"-1\">Partners<\/a><\/li>\n<li class=\"menu-item menu-item-type-post_type menu-item-object-page menu-item-3253\"><a href=\"https:\/\/adenot-andrieux.fr\/en\/press\/\" class=\"elementor-item\" tabindex=\"-1\">Press<\/a><\/li>\n<li class=\"menu-item menu-item-type-post_type menu-item-object-page menu-item-3250\"><a href=\"https:\/\/adenot-andrieux.fr\/en\/contact\/\" class=\"elementor-item\" tabindex=\"-1\">Contact<\/a><\/li>\n<\/ul>\t\t\t<\/nav>\n\t\t\t\t\t\t<\/div>\n\t\t\t\t<\/div>\n\t\t\t\t\t<\/div>\n\t\t<\/div>\n\t\t\t\t<div class=\"elementor-column elementor-col-50 elementor-inner-column elementor-element elementor-element-7f927995\" data-id=\"7f927995\" data-element_type=\"column\" data-e-type=\"column\">\n\t\t\t<div class=\"elementor-widget-wrap elementor-element-populated\">\n\t\t\t\t\t\t<div class=\"elementor-element elementor-element-1f42fd3c elementor-widget elementor-widget-heading\" data-id=\"1f42fd3c\" data-element_type=\"widget\" data-e-type=\"widget\" data-widget_type=\"heading.default\">\n\t\t\t\t<div class=\"elementor-widget-container\">\n\t\t\t\t\t<h2 class=\"elementor-heading-title elementor-size-default\">Contact information<\/h2>\t\t\t\t<\/div>\n\t\t\t\t<\/div>\n\t\t\t\t<div class=\"elementor-element elementor-element-4a86a050 elementor-icon-list--layout-traditional elementor-list-item-link-full_width elementor-widget elementor-widget-icon-list\" data-id=\"4a86a050\" data-element_type=\"widget\" data-e-type=\"widget\" data-widget_type=\"icon-list.default\">\n\t\t\t\t<div class=\"elementor-widget-container\">\n\t\t\t\t\t\t\t<ul class=\"elementor-icon-list-items\">\n\t\t\t\t\t\t\t<li class=\"elementor-icon-list-item\">\n\t\t\t\t\t\t\t\t\t\t\t<span class=\"elementor-icon-list-icon\">\n\t\t\t\t\t\t\t<i aria-hidden=\"true\" class=\"fas fa-phone-volume\"><\/i>\t\t\t\t\t\t<\/span>\n\t\t\t\t\t\t\t\t\t\t<span class=\"elementor-icon-list-text\"> 04 44 44 96 60<\/span>\n\t\t\t\t\t\t\t\t\t<\/li>\n\t\t\t\t\t\t\t\t<li class=\"elementor-icon-list-item\">\n\t\t\t\t\t\t\t\t\t\t\t<a href=\"mailto:contact@adenot-andrieux.fr\">\n\n\t\t\t\t\t\t\t\t\t\t\t\t<span class=\"elementor-icon-list-icon\">\n\t\t\t\t\t\t\t<i aria-hidden=\"true\" class=\"fas fa-envelope\"><\/i>\t\t\t\t\t\t<\/span>\n\t\t\t\t\t\t\t\t\t\t<span class=\"elementor-icon-list-text\">contact@adenot-andrieux.fr<\/span>\n\t\t\t\t\t\t\t\t\t\t\t<\/a>\n\t\t\t\t\t\t\t\t\t<\/li>\n\t\t\t\t\t\t\t\t<li class=\"elementor-icon-list-item\">\n\t\t\t\t\t\t\t\t\t\t\t<span class=\"elementor-icon-list-icon\">\n\t\t\t\t\t\t\t<i aria-hidden=\"true\" class=\"fas fa-map-marker-alt\"><\/i>\t\t\t\t\t\t<\/span>\n\t\t\t\t\t\t\t\t\t\t<span class=\"elementor-icon-list-text\">33 Cours Sablon, 63000 Clermont-Ferrand - 1er \u00e9tage<\/span>\n\t\t\t\t\t\t\t\t\t<\/li>\n\t\t\t\t\t\t\t\t<li class=\"elementor-icon-list-item\">\n\t\t\t\t\t\t\t\t\t\t\t<span class=\"elementor-icon-list-icon\">\n\t\t\t\t\t\t\t<i aria-hidden=\"true\" class=\"fas fa-clock\"><\/i>\t\t\t\t\t\t<\/span>\n\t\t\t\t\t\t\t\t\t\t<span class=\"elementor-icon-list-text\">From monday to friday : 9h\/12h - 14h\/18h<\/span>\n\t\t\t\t\t\t\t\t\t<\/li>\n\t\t\t\t\t\t<\/ul>\n\t\t\t\t\t\t<\/div>\n\t\t\t\t<\/div>\n\t\t\t\t\t<\/div>\n\t\t<\/div>\n\t\t\t\t\t<\/div>\n\t\t<\/section>\n\t\t\t\t<section class=\"elementor-section elementor-inner-section elementor-element elementor-element-2d2ea56a elementor-section-content-middle elementor-section-boxed elementor-section-height-default elementor-section-height-default\" data-id=\"2d2ea56a\" data-element_type=\"section\" data-e-type=\"section\" data-settings=\"{&quot;background_background&quot;:&quot;classic&quot;}\">\n\t\t\t\t\t\t<div class=\"elementor-container elementor-column-gap-no\">\n\t\t\t\t\t<div class=\"elementor-column elementor-col-50 elementor-inner-column elementor-element elementor-element-38bb663a\" data-id=\"38bb663a\" data-element_type=\"column\" data-e-type=\"column\">\n\t\t\t<div class=\"elementor-widget-wrap elementor-element-populated\">\n\t\t\t\t\t\t<div class=\"elementor-element elementor-element-306bf5dd elementor-widget elementor-widget-text-editor\" data-id=\"306bf5dd\" data-element_type=\"widget\" data-e-type=\"widget\" data-widget_type=\"text-editor.default\">\n\t\t\t\t<div class=\"elementor-widget-container\">\n\t\t\t\t\t\t\t\t\t<p><a title=\"Cycoma\" href=\"https:\/\/www.cycoma.fr\" target=\"_blank\" rel=\"noopener\">Made with\u00a0<img decoding=\"async\" class=\"emoji\" role=\"img\" draggable=\"false\" src=\"https:\/\/s.w.org\/images\/core\/emoji\/13.1.0\/svg\/2764.svg\" alt=\"\u2764\" width=\"10\" height=\"10\" \/>\u00a0by Cycoma<\/a><\/p>\t\t\t\t\t\t\t\t<\/div>\n\t\t\t\t<\/div>\n\t\t\t\t<div class=\"elementor-element elementor-element-69f3ce0e elementor-widget elementor-widget-text-editor\" data-id=\"69f3ce0e\" data-element_type=\"widget\" data-e-type=\"widget\" data-widget_type=\"text-editor.default\">\n\t\t\t\t<div class=\"elementor-widget-container\">\n\t\t\t\t\t\t\t\t\t<p>\u00a9 Copyright 2022 Cabinet d&#8217;avocats Adenot et Andrieux<\/p>\t\t\t\t\t\t\t\t<\/div>\n\t\t\t\t<\/div>\n\t\t\t\t\t<\/div>\n\t\t<\/div>\n\t\t\t\t<div class=\"elementor-column elementor-col-50 elementor-inner-column elementor-element elementor-element-5253ea6b\" data-id=\"5253ea6b\" data-element_type=\"column\" data-e-type=\"column\">\n\t\t\t<div class=\"elementor-widget-wrap elementor-element-populated\">\n\t\t\t\t\t\t<div class=\"elementor-element elementor-element-2c910140 elementor-shape-square e-grid-align-right e-grid-align-mobile-center elementor-grid-0 elementor-widget elementor-widget-social-icons\" data-id=\"2c910140\" data-element_type=\"widget\" data-e-type=\"widget\" data-widget_type=\"social-icons.default\">\n\t\t\t\t<div class=\"elementor-widget-container\">\n\t\t\t\t\t\t\t<div class=\"elementor-social-icons-wrapper elementor-grid\" role=\"list\">\n\t\t\t\t\t\t\t<span class=\"elementor-grid-item\" role=\"listitem\">\n\t\t\t\t\t<a class=\"elementor-icon elementor-social-icon elementor-social-icon-linkedin-in elementor-repeater-item-77d21a9\" href=\"https:\/\/www.linkedin.com\/company\/adenotandrieux\/about\/\" target=\"_blank\" rel=\"noopener\">\n\t\t\t\t\t\t<span class=\"elementor-screen-only\">Linkedin-in<\/span>\n\t\t\t\t\t\t<i aria-hidden=\"true\" class=\"fab fa-linkedin-in\"><\/i>\t\t\t\t\t<\/a>\n\t\t\t\t<\/span>\n\t\t\t\t\t\t\t<span class=\"elementor-grid-item\" role=\"listitem\">\n\t\t\t\t\t<a class=\"elementor-icon elementor-social-icon elementor-social-icon-youtube elementor-repeater-item-1aa5ef0\" href=\"https:\/\/www.youtube.com\/channel\/UCiumy_wFkjscY6ZBW-eHOUQ\" target=\"_blank\" rel=\"noopener\">\n\t\t\t\t\t\t<span class=\"elementor-screen-only\">Youtube<\/span>\n\t\t\t\t\t\t<i aria-hidden=\"true\" class=\"fab fa-youtube\"><\/i>\t\t\t\t\t<\/a>\n\t\t\t\t<\/span>\n\t\t\t\t\t<\/div>\n\t\t\t\t\t\t<\/div>\n\t\t\t\t<\/div>\n\t\t\t\t\t<\/div>\n\t\t<\/div>\n\t\t\t\t\t<\/div>\n\t\t<\/section>\n\t\t\t\t\t<\/div>\n\t\t<\/div>\n\t\t\t\t\t<\/div>\n\t\t<\/section>\n\t\t\t\t<\/div>\n\t\t","protected":false},"excerpt":{"rendered":"<p>\u00c9dition et coordonn\u00e9es This website, accessible from the URL www.adenot-andrieux.fr (hereafter the \u201cWebsite\u201d) is published by the law firm Adenot and Andrieux, operating in Clermont-Ferrand in the form of a simplified share company with a capital of 1000 euros, whose head office is located : 33 Cours Sablon, 63000 Clermont-Ferrand, France,registered at the RCS in [&hellip;]<\/p>\n","protected":false},"author":1,"featured_media":0,"parent":0,"menu_order":0,"comment_status":"closed","ping_status":"closed","template":"","meta":{"footnotes":""},"class_list":["post-3126","page","type-page","status-publish","hentry"],"_links":{"self":[{"href":"https:\/\/adenot-andrieux.fr\/en\/wp-json\/wp\/v2\/pages\/3126","targetHints":{"allow":["GET"]}}],"collection":[{"href":"https:\/\/adenot-andrieux.fr\/en\/wp-json\/wp\/v2\/pages"}],"about":[{"href":"https:\/\/adenot-andrieux.fr\/en\/wp-json\/wp\/v2\/types\/page"}],"author":[{"embeddable":true,"href":"https:\/\/adenot-andrieux.fr\/en\/wp-json\/wp\/v2\/users\/1"}],"replies":[{"embeddable":true,"href":"https:\/\/adenot-andrieux.fr\/en\/wp-json\/wp\/v2\/comments?post=3126"}],"version-history":[{"count":9,"href":"https:\/\/adenot-andrieux.fr\/en\/wp-json\/wp\/v2\/pages\/3126\/revisions"}],"predecessor-version":[{"id":7549,"href":"https:\/\/adenot-andrieux.fr\/en\/wp-json\/wp\/v2\/pages\/3126\/revisions\/7549"}],"wp:attachment":[{"href":"https:\/\/adenot-andrieux.fr\/en\/wp-json\/wp\/v2\/media?parent=3126"}],"curies":[{"name":"wp","href":"https:\/\/api.w.org\/{rel}","templated":true}]}}